{"id":4359,"date":"2025-12-07T20:09:33","date_gmt":"2025-12-07T20:09:33","guid":{"rendered":"https:\/\/inandoutarchitects.com\/?page_id=4359"},"modified":"2025-12-23T20:06:21","modified_gmt":"2025-12-23T20:06:21","slug":"reforma-integral-poble-sec-cocina-abierta","status":"publish","type":"page","link":"https:\/\/inandoutarchitects.com\/en\/reforma-integral-poble-sec-cocina-abierta\/","title":{"rendered":"Poble Sec"},"content":{"rendered":"\t\t<div data-elementor-type=\"wp-page\" data-elementor-id=\"4359\" class=\"elementor elementor-4359\" data-elementor-post-type=\"page\">\n\t\t\t\t\t\t<section class=\"elementor-section elementor-top-section elementor-element elementor-element-bf9ac40 elementor-section-height-min-height elementor-section-full_width elementor-section-height-default elementor-section-items-middle\" data-id=\"bf9ac40\" data-element_type=\"section\" data-e-type=\"section\" data-settings=\"{&quot;background_background&quot;:&quot;slideshow&quot;,&quot;background_slideshow_gallery&quot;:[{&quot;id&quot;:4209,&quot;url&quot;:&quot;https:\\\/\\\/inandoutarchitects.com\\\/wp-content\\\/uploads\\\/2025\\\/11\\\/PB7-scaled.jpg&quot;}],&quot;background_slideshow_loop&quot;:&quot;yes&quot;,&quot;background_slideshow_slide_duration&quot;:5000,&quot;background_slideshow_slide_transition&quot;:&quot;fade&quot;,&quot;background_slideshow_transition_duration&quot;:500}\">\n\t\t\t\t\t\t<div class=\"elementor-container elementor-column-gap-default\">\n\t\t\t\t\t<div class=\"elementor-column elementor-col-100 elementor-top-column elementor-element elementor-element-d7a5318\" data-id=\"d7a5318\" data-element_type=\"column\" data-e-type=\"column\">\n\t\t\t<div class=\"elementor-widget-wrap elementor-element-populated\">\n\t\t\t\t\t\t<section class=\"elementor-section elementor-inner-section elementor-element elementor-element-1e90cae elementor-section-boxed elementor-section-height-default elementor-section-height-default\" data-id=\"1e90cae\" data-element_type=\"section\" data-e-type=\"section\">\n\t\t\t\t\t\t<div class=\"elementor-container elementor-column-gap-default\">\n\t\t\t\t\t<div class=\"elementor-column elementor-col-100 elementor-inner-column elementor-element elementor-element-47b20d1\" data-id=\"47b20d1\" data-element_type=\"column\" data-e-type=\"column\">\n\t\t\t<div class=\"elementor-widget-wrap elementor-element-populated\">\n\t\t\t\t\t\t<div class=\"elementor-element elementor-element-f902af4 elementor-widget elementor-widget-heading\" data-id=\"f902af4\" data-element_type=\"widget\" data-e-type=\"widget\" data-widget_type=\"heading.default\">\n\t\t\t\t<div class=\"elementor-widget-container\">\n\t\t\t\t\t<h1 class=\"elementor-heading-title elementor-size-default\">PROYECTO POBLE SEC <br>Vivir la historia de Barcelona, a tu manera<\/h1>\t\t\t\t<\/div>\n\t\t\t\t<\/div>\n\t\t\t\t\t<\/div>\n\t\t<\/div>\n\t\t\t\t\t<\/div>\n\t\t<\/section>\n\t\t\t\t<div class=\"elementor-element elementor-element-65336ae elementor-grid-1 e-grid-align-right elementor-widget__width-auto elementor-absolute elementor-hidden-tablet elementor-hidden-mobile elementor-shape-rounded elementor-widget elementor-widget-social-icons\" data-id=\"65336ae\" data-element_type=\"widget\" data-e-type=\"widget\" data-settings=\"{&quot;_position&quot;:&quot;absolute&quot;}\" data-widget_type=\"social-icons.default\">\n\t\t\t\t<div class=\"elementor-widget-container\">\n\t\t\t\t\t\t\t<div class=\"elementor-social-icons-wrapper elementor-grid\" role=\"list\">\n\t\t\t\t\t\t\t<span class=\"elementor-grid-item\" role=\"listitem\">\n\t\t\t\t\t<a class=\"elementor-icon elementor-social-icon elementor-social-icon-facebook elementor-repeater-item-26e1381\" href=\"https:\/\/www.facebook.com\/inandoutarchitects\" target=\"_blank\">\n\t\t\t\t\t\t<span class=\"elementor-screen-only\">Facebook<\/span>\n\t\t\t\t\t\t<i aria-hidden=\"true\" class=\"fab fa-facebook\"><\/i>\t\t\t\t\t<\/a>\n\t\t\t\t<\/span>\n\t\t\t\t\t\t\t<span class=\"elementor-grid-item\" role=\"listitem\">\n\t\t\t\t\t<a class=\"elementor-icon elementor-social-icon elementor-social-icon-instagram elementor-repeater-item-976ae45\" href=\"https:\/\/www.instagram.com\/inandoutarchitects\/?hl=es-la\" target=\"_blank\">\n\t\t\t\t\t\t<span class=\"elementor-screen-only\">Instagram<\/span>\n\t\t\t\t\t\t<i aria-hidden=\"true\" class=\"fab fa-instagram\"><\/i>\t\t\t\t\t<\/a>\n\t\t\t\t<\/span>\n\t\t\t\t\t\t\t<span class=\"elementor-grid-item\" role=\"listitem\">\n\t\t\t\t\t<a class=\"elementor-icon elementor-social-icon elementor-social-icon-tiktok elementor-repeater-item-45a959e\" href=\"https:\/\/www.tiktok.com\/@inandoutarchitects\" target=\"_blank\">\n\t\t\t\t\t\t<span class=\"elementor-screen-only\">Tiktok<\/span>\n\t\t\t\t\t\t<i aria-hidden=\"true\" class=\"fab fa-tiktok\"><\/i>\t\t\t\t\t<\/a>\n\t\t\t\t<\/span>\n\t\t\t\t\t\t\t<span class=\"elementor-grid-item\" role=\"listitem\">\n\t\t\t\t\t<a class=\"elementor-icon elementor-social-icon elementor-social-icon-linkedin elementor-repeater-item-a7843d9\" href=\"https:\/\/www.linkedin.com\/company\/inandout-architects\/\" target=\"_blank\">\n\t\t\t\t\t\t<span class=\"elementor-screen-only\">Linkedin<\/span>\n\t\t\t\t\t\t<i aria-hidden=\"true\" class=\"fab fa-linkedin\"><\/i>\t\t\t\t\t<\/a>\n\t\t\t\t<\/span>\n\t\t\t\t\t\t\t<span class=\"elementor-grid-item\" role=\"listitem\">\n\t\t\t\t\t<a class=\"elementor-icon elementor-social-icon elementor-social-icon-whatsapp elementor-repeater-item-3040a90\" href=\"https:\/\/wa.link\/s65tlu\" target=\"_blank\">\n\t\t\t\t\t\t<span class=\"elementor-screen-only\">Whatsapp<\/span>\n\t\t\t\t\t\t<i aria-hidden=\"true\" class=\"fab fa-whatsapp\"><\/i>\t\t\t\t\t<\/a>\n\t\t\t\t<\/span>\n\t\t\t\t\t<\/div>\n\t\t\t\t\t\t<\/div>\n\t\t\t\t<\/div>\n\t\t\t\t\t<\/div>\n\t\t<\/div>\n\t\t\t\t\t<\/div>\n\t\t<\/section>\n\t\t\t\t<section class=\"elementor-section elementor-top-section elementor-element elementor-element-dd01c48 elementor-section-boxed elementor-section-height-default elementor-section-height-default\" data-id=\"dd01c48\" data-element_type=\"section\" data-e-type=\"section\">\n\t\t\t\t\t\t<div class=\"elementor-container elementor-column-gap-default\">\n\t\t\t\t\t<div class=\"elementor-column elementor-col-100 elementor-top-column elementor-element elementor-element-540b165\" data-id=\"540b165\" data-element_type=\"column\" data-e-type=\"column\">\n\t\t\t<div class=\"elementor-widget-wrap elementor-element-populated\">\n\t\t\t\t\t\t<div class=\"elementor-element elementor-element-7e04a49 elementor-widget elementor-widget-spacer\" data-id=\"7e04a49\" data-element_type=\"widget\" data-e-type=\"widget\" data-widget_type=\"spacer.default\">\n\t\t\t\t<div class=\"elementor-widget-container\">\n\t\t\t\t\t\t\t<div class=\"elementor-spacer\">\n\t\t\t<div class=\"elementor-spacer-inner\"><\/div>\n\t\t<\/div>\n\t\t\t\t\t\t<\/div>\n\t\t\t\t<\/div>\n\t\t\t\t\t<\/div>\n\t\t<\/div>\n\t\t\t\t\t<\/div>\n\t\t<\/section>\n\t\t\t\t<section class=\"elementor-section elementor-top-section elementor-element elementor-element-ea60bb4 elementor-section-boxed elementor-section-height-default elementor-section-height-default\" data-id=\"ea60bb4\" data-element_type=\"section\" data-e-type=\"section\">\n\t\t\t\t\t\t<div class=\"elementor-container elementor-column-gap-default\">\n\t\t\t\t\t<div class=\"elementor-column elementor-col-100 elementor-top-column elementor-element elementor-element-e6f110e\" data-id=\"e6f110e\" data-element_type=\"column\" data-e-type=\"column\">\n\t\t\t<div class=\"elementor-widget-wrap elementor-element-populated\">\n\t\t\t\t\t\t<div class=\"elementor-element elementor-element-6afc52e elementor-widget elementor-widget-text-editor\" data-id=\"6afc52e\" data-element_type=\"widget\" data-e-type=\"widget\" data-widget_type=\"text-editor.default\">\n\t\t\t\t<div class=\"elementor-widget-container\">\n\t\t\t\t\t\t\t\t\t<p><strong>Ubicaci\u00f3n:<\/strong> Barcelona, Catalu\u00f1a, Espa\u00f1a.<\/p><p><strong>Fecha finalizaci\u00f3n obra:<\/strong> 2025<\/p><p><strong>Arquitectura:<\/strong> In&amp;Out Architects<\/p><p><strong>Interiorismo:<\/strong> In&amp;Out Architects<\/p><p><strong>Fotograf\u00eda:<\/strong> Beatriz P\u00e9rez<\/p>\t\t\t\t\t\t\t\t<\/div>\n\t\t\t\t<\/div>\n\t\t\t\t\t<\/div>\n\t\t<\/div>\n\t\t\t\t\t<\/div>\n\t\t<\/section>\n\t\t\t\t<section class=\"elementor-section elementor-top-section elementor-element elementor-element-c5bcb82 elementor-section-boxed elementor-section-height-default elementor-section-height-default\" data-id=\"c5bcb82\" data-element_type=\"section\" data-e-type=\"section\">\n\t\t\t\t\t\t<div class=\"elementor-container elementor-column-gap-default\">\n\t\t\t\t\t<div class=\"elementor-column elementor-col-100 elementor-top-column elementor-element elementor-element-513867f\" data-id=\"513867f\" data-element_type=\"column\" data-e-type=\"column\">\n\t\t\t<div class=\"elementor-widget-wrap elementor-element-populated\">\n\t\t\t\t\t\t<div class=\"elementor-element elementor-element-abd867f elementor-widget elementor-widget-spacer\" data-id=\"abd867f\" data-element_type=\"widget\" data-e-type=\"widget\" data-widget_type=\"spacer.default\">\n\t\t\t\t<div class=\"elementor-widget-container\">\n\t\t\t\t\t\t\t<div class=\"elementor-spacer\">\n\t\t\t<div class=\"elementor-spacer-inner\"><\/div>\n\t\t<\/div>\n\t\t\t\t\t\t<\/div>\n\t\t\t\t<\/div>\n\t\t\t\t\t<\/div>\n\t\t<\/div>\n\t\t\t\t\t<\/div>\n\t\t<\/section>\n\t\t\t\t<section class=\"elementor-section elementor-top-section elementor-element elementor-element-9e2d5b8 elementor-section-boxed elementor-section-height-default elementor-section-height-default\" data-id=\"9e2d5b8\" data-element_type=\"section\" data-e-type=\"section\">\n\t\t\t\t\t\t<div class=\"elementor-container elementor-column-gap-default\">\n\t\t\t\t\t<div class=\"elementor-column elementor-col-100 elementor-top-column elementor-element elementor-element-17b3f52\" data-id=\"17b3f52\" data-element_type=\"column\" data-e-type=\"column\">\n\t\t\t<div class=\"elementor-widget-wrap elementor-element-populated\">\n\t\t\t\t\t\t<div class=\"elementor-element elementor-element-177179f elementor-widget-divider--view-line elementor-widget elementor-widget-divider\" data-id=\"177179f\" data-element_type=\"widget\" data-e-type=\"widget\" data-widget_type=\"divider.default\">\n\t\t\t\t<div class=\"elementor-widget-container\">\n\t\t\t\t\t\t\t<div class=\"elementor-divider\">\n\t\t\t<span class=\"elementor-divider-separator\">\n\t\t\t\t\t\t<\/span>\n\t\t<\/div>\n\t\t\t\t\t\t<\/div>\n\t\t\t\t<\/div>\n\t\t\t\t\t<\/div>\n\t\t<\/div>\n\t\t\t\t\t<\/div>\n\t\t<\/section>\n\t\t\t\t<section class=\"elementor-section elementor-top-section elementor-element elementor-element-57f03a5 elementor-section-boxed elementor-section-height-default elementor-section-height-default\" data-id=\"57f03a5\" data-element_type=\"section\" data-e-type=\"section\">\n\t\t\t\t\t\t<div class=\"elementor-container elementor-column-gap-default\">\n\t\t\t\t\t<div class=\"elementor-column elementor-col-100 elementor-top-column elementor-element elementor-element-84b8993\" data-id=\"84b8993\" data-element_type=\"column\" data-e-type=\"column\">\n\t\t\t<div class=\"elementor-widget-wrap elementor-element-populated\">\n\t\t\t\t\t\t<div class=\"elementor-element elementor-element-af42516 elementor-widget elementor-widget-spacer\" data-id=\"af42516\" data-element_type=\"widget\" data-e-type=\"widget\" data-widget_type=\"spacer.default\">\n\t\t\t\t<div class=\"elementor-widget-container\">\n\t\t\t\t\t\t\t<div class=\"elementor-spacer\">\n\t\t\t<div class=\"elementor-spacer-inner\"><\/div>\n\t\t<\/div>\n\t\t\t\t\t\t<\/div>\n\t\t\t\t<\/div>\n\t\t\t\t\t<\/div>\n\t\t<\/div>\n\t\t\t\t\t<\/div>\n\t\t<\/section>\n\t\t\t\t<section class=\"elementor-section elementor-top-section elementor-element elementor-element-b25cb3b elementor-section-boxed elementor-section-height-default elementor-section-height-default\" data-id=\"b25cb3b\" data-element_type=\"section\" data-e-type=\"section\">\n\t\t\t\t\t\t<div class=\"elementor-container elementor-column-gap-default\">\n\t\t\t\t\t<div class=\"elementor-column elementor-col-100 elementor-top-column elementor-element elementor-element-8a7e4ca\" data-id=\"8a7e4ca\" data-element_type=\"column\" data-e-type=\"column\">\n\t\t\t<div class=\"elementor-widget-wrap elementor-element-populated\">\n\t\t\t\t\t\t<div class=\"elementor-element elementor-element-55255c0 elementor-widget elementor-widget-heading\" data-id=\"55255c0\" data-element_type=\"widget\" data-e-type=\"widget\" data-widget_type=\"heading.default\">\n\t\t\t\t<div class=\"elementor-widget-container\">\n\t\t\t\t\t<h1 class=\"elementor-heading-title elementor-size-default\">Proyecto Poble Sec \u00b7 Vivir la historia de Barcelona, a tu manera<\/h1>\t\t\t\t<\/div>\n\t\t\t\t<\/div>\n\t\t\t\t<div class=\"elementor-element elementor-element-498c573 elementor-widget elementor-widget-text-editor\" data-id=\"498c573\" data-element_type=\"widget\" data-e-type=\"widget\" data-widget_type=\"text-editor.default\">\n\t\t\t\t<div class=\"elementor-widget-container\">\n\t\t\t\t\t\t\t\t\t<p>Nuestra clienta \u2014polaca, enamorada de Barcelona\u2014 so\u00f1aba con un hogar donde la <strong data-start=\"148\" data-end=\"160\">historia<\/strong> no se perdiera y el <strong data-start=\"181\" data-end=\"194\">d\u00eda a d\u00eda<\/strong> fluyera con luz, orden y color. Ese fue nuestro punto de partida.<\/p>\t\t\t\t\t\t\t\t<\/div>\n\t\t\t\t<\/div>\n\t\t\t\t\t<\/div>\n\t\t<\/div>\n\t\t\t\t\t<\/div>\n\t\t<\/section>\n\t\t\t\t<section class=\"elementor-section elementor-top-section elementor-element elementor-element-3e335c5 elementor-section-boxed elementor-section-height-default elementor-section-height-default\" data-id=\"3e335c5\" data-element_type=\"section\" data-e-type=\"section\">\n\t\t\t\t\t\t<div class=\"elementor-container elementor-column-gap-default\">\n\t\t\t\t\t<div class=\"elementor-column elementor-col-100 elementor-top-column elementor-element elementor-element-112a875\" data-id=\"112a875\" data-element_type=\"column\" data-e-type=\"column\">\n\t\t\t<div class=\"elementor-widget-wrap elementor-element-populated\">\n\t\t\t\t\t\t<div class=\"elementor-element elementor-element-ae9b887 elementor-widget elementor-widget-heading\" data-id=\"ae9b887\" data-element_type=\"widget\" data-e-type=\"widget\" data-widget_type=\"heading.default\">\n\t\t\t\t<div class=\"elementor-widget-container\">\n\t\t\t\t\t<h3 class=\"elementor-heading-title elementor-size-default\">El dolor que resolvimos<\/h3>\t\t\t\t<\/div>\n\t\t\t\t<\/div>\n\t\t\t\t\t<\/div>\n\t\t<\/div>\n\t\t\t\t\t<\/div>\n\t\t<\/section>\n\t\t\t\t<section class=\"elementor-section elementor-top-section elementor-element elementor-element-8f82eae elementor-section-boxed elementor-section-height-default elementor-section-height-default\" data-id=\"8f82eae\" data-element_type=\"section\" data-e-type=\"section\">\n\t\t\t\t\t\t<div class=\"elementor-container elementor-column-gap-default\">\n\t\t\t\t\t<div class=\"elementor-column elementor-col-100 elementor-top-column elementor-element elementor-element-be6ae93\" data-id=\"be6ae93\" data-element_type=\"column\" data-e-type=\"column\">\n\t\t\t<div class=\"elementor-widget-wrap elementor-element-populated\">\n\t\t\t\t\t\t<div class=\"elementor-element elementor-element-f292123 elementor-widget elementor-widget-text-editor\" data-id=\"f292123\" data-element_type=\"widget\" data-e-type=\"widget\" data-widget_type=\"text-editor.default\">\n\t\t\t\t<div class=\"elementor-widget-container\">\n\t\t\t\t\t\t\t\t\t<ul><li data-start=\"292\" data-end=\"344\"><p data-start=\"294\" data-end=\"344\"><strong data-start=\"294\" data-end=\"320\">Miedo a perder el alma<\/strong> del piso al reformar.<\/p><\/li><li data-start=\"345\" data-end=\"404\"><p data-start=\"347\" data-end=\"404\"><strong data-start=\"347\" data-end=\"372\">Espacios fragmentados<\/strong> y sensaci\u00f3n de poca amplitud.<\/p><\/li><li data-start=\"405\" data-end=\"462\"><p data-start=\"407\" data-end=\"462\"><strong data-start=\"407\" data-end=\"429\">Dudas con el color<\/strong>: c\u00f3mo usar verdes sin saturar.<\/p><\/li><li data-start=\"463\" data-end=\"529\"><p data-start=\"465\" data-end=\"529\"><strong data-start=\"465\" data-end=\"507\">Piezas originales ocultas o deslucidas<\/strong> que merec\u00edan renacer.<\/p><\/li><\/ul>\t\t\t\t\t\t\t\t<\/div>\n\t\t\t\t<\/div>\n\t\t\t\t\t<\/div>\n\t\t<\/div>\n\t\t\t\t\t<\/div>\n\t\t<\/section>\n\t\t\t\t<section class=\"elementor-section elementor-top-section elementor-element elementor-element-47a5c99 elementor-section-boxed elementor-section-height-default elementor-section-height-default\" data-id=\"47a5c99\" data-element_type=\"section\" data-e-type=\"section\">\n\t\t\t\t\t\t<div class=\"elementor-container elementor-column-gap-default\">\n\t\t\t\t\t<div class=\"elementor-column elementor-col-100 elementor-top-column elementor-element elementor-element-192c2b9\" data-id=\"192c2b9\" data-element_type=\"column\" data-e-type=\"column\">\n\t\t\t<div class=\"elementor-widget-wrap elementor-element-populated\">\n\t\t\t\t\t\t<div class=\"elementor-element elementor-element-187cbec elementor-widget elementor-widget-heading\" data-id=\"187cbec\" data-element_type=\"widget\" data-e-type=\"widget\" data-widget_type=\"heading.default\">\n\t\t\t\t<div class=\"elementor-widget-container\">\n\t\t\t\t\t<h3 class=\"elementor-heading-title elementor-size-default\">Arquitectura + interiorismo: as\u00ed lo hicimos<\/h3>\t\t\t\t<\/div>\n\t\t\t\t<\/div>\n\t\t\t\t\t<\/div>\n\t\t<\/div>\n\t\t\t\t\t<\/div>\n\t\t<\/section>\n\t\t\t\t<section class=\"elementor-section elementor-top-section elementor-element elementor-element-0f202a9 elementor-section-boxed elementor-section-height-default elementor-section-height-default\" data-id=\"0f202a9\" data-element_type=\"section\" data-e-type=\"section\">\n\t\t\t\t\t\t<div class=\"elementor-container elementor-column-gap-default\">\n\t\t\t\t\t<div class=\"elementor-column elementor-col-100 elementor-top-column elementor-element elementor-element-fe5ba3d\" data-id=\"fe5ba3d\" data-element_type=\"column\" data-e-type=\"column\">\n\t\t\t<div class=\"elementor-widget-wrap elementor-element-populated\">\n\t\t\t\t\t\t<div class=\"elementor-element elementor-element-17921fd elementor-widget elementor-widget-text-editor\" data-id=\"17921fd\" data-element_type=\"widget\" data-e-type=\"widget\" data-widget_type=\"text-editor.default\">\n\t\t\t\t<div class=\"elementor-widget-container\">\n\t\t\t\t\t\t\t\t\t<ul><li data-start=\"577\" data-end=\"725\"><p data-start=\"579\" data-end=\"725\"><strong data-start=\"579\" data-end=\"609\">Abrimos la cocina al sal\u00f3n<\/strong> (manteniendo su ubicaci\u00f3n) para ganar <strong data-start=\"648\" data-end=\"660\">amplitud<\/strong> y conversaci\u00f3n sin renunciar a la l\u00f3gica de las instalaciones.<\/p><\/li><li data-start=\"726\" data-end=\"990\"><p data-start=\"728\" data-end=\"990\">Dise\u00f1amos un <strong data-start=\"741\" data-end=\"764\">mobiliario continuo<\/strong> que <strong data-start=\"769\" data-end=\"792\">recorre la vivienda<\/strong>: en cocina, integra almacenaje; en otros tramos <strong data-start=\"841\" data-end=\"868\">se convierte en puertas<\/strong> del ba\u00f1o y del dormitorio peque\u00f1o; en el principal, <strong data-start=\"921\" data-end=\"935\">es armario<\/strong> de pared a pared. Orden, continuidad y calma visual.<\/p><\/li><li data-start=\"991\" data-end=\"1150\"><p data-start=\"993\" data-end=\"1150\"><strong data-start=\"993\" data-end=\"1010\">Formas curvas<\/strong> en el mobiliario de cocina, el sof\u00e1 y la mesa del sal\u00f3n, para dialogar con las <strong data-start=\"1090\" data-end=\"1113\">cornisas originales<\/strong> del techo y suavizar los recorridos.<\/p><\/li><\/ul>\t\t\t\t\t\t\t\t<\/div>\n\t\t\t\t<\/div>\n\t\t\t\t\t<\/div>\n\t\t<\/div>\n\t\t\t\t\t<\/div>\n\t\t<\/section>\n\t\t\t\t<section class=\"elementor-section elementor-top-section elementor-element elementor-element-ee4dd1f elementor-section-boxed elementor-section-height-default elementor-section-height-default\" data-id=\"ee4dd1f\" data-element_type=\"section\" data-e-type=\"section\">\n\t\t\t\t\t\t<div class=\"elementor-container elementor-column-gap-default\">\n\t\t\t\t\t<div class=\"elementor-column elementor-col-100 elementor-top-column elementor-element elementor-element-f8c05e2\" data-id=\"f8c05e2\" data-element_type=\"column\" data-e-type=\"column\">\n\t\t\t<div class=\"elementor-widget-wrap elementor-element-populated\">\n\t\t\t\t\t\t<div class=\"elementor-element elementor-element-2f5dd7c elementor-widget elementor-widget-heading\" data-id=\"2f5dd7c\" data-element_type=\"widget\" data-e-type=\"widget\" data-widget_type=\"heading.default\">\n\t\t\t\t<div class=\"elementor-widget-container\">\n\t\t\t\t\t<h3 class=\"elementor-heading-title elementor-size-default\">Patrimonio restaurado<\/h3>\t\t\t\t<\/div>\n\t\t\t\t<\/div>\n\t\t\t\t\t<\/div>\n\t\t<\/div>\n\t\t\t\t\t<\/div>\n\t\t<\/section>\n\t\t\t\t<section class=\"elementor-section elementor-top-section elementor-element elementor-element-89b1519 elementor-section-boxed elementor-section-height-default elementor-section-height-default\" data-id=\"89b1519\" data-element_type=\"section\" data-e-type=\"section\">\n\t\t\t\t\t\t<div class=\"elementor-container elementor-column-gap-default\">\n\t\t\t\t\t<div class=\"elementor-column elementor-col-100 elementor-top-column elementor-element elementor-element-87c29b8\" data-id=\"87c29b8\" data-element_type=\"column\" data-e-type=\"column\">\n\t\t\t<div class=\"elementor-widget-wrap elementor-element-populated\">\n\t\t\t\t\t\t<div class=\"elementor-element elementor-element-3408347 elementor-widget elementor-widget-text-editor\" data-id=\"3408347\" data-element_type=\"widget\" data-e-type=\"widget\" data-widget_type=\"text-editor.default\">\n\t\t\t\t<div class=\"elementor-widget-container\">\n\t\t\t\t\t\t\t\t\t<ul><li data-start=\"1202\" data-end=\"1300\"><p data-start=\"1204\" data-end=\"1300\"><strong data-start=\"1204\" data-end=\"1241\">Balconeras de madera con molduras<\/strong> y <strong data-start=\"1244\" data-end=\"1267\">cornisas originales<\/strong>: limpiadas y puestas en valor.<\/p><\/li><li data-start=\"1301\" data-end=\"1393\"><p data-start=\"1303\" data-end=\"1393\">Sobre la cocina, <strong data-start=\"1320\" data-end=\"1364\">vigas de madera con revoltones cer\u00e1micos<\/strong> descubiertos y respetados.<\/p><\/li><li data-start=\"1394\" data-end=\"1539\"><p data-start=\"1396\" data-end=\"1539\"><strong data-start=\"1396\" data-end=\"1418\">Suelos hidr\u00e1ulicos<\/strong>: mantuvimos el original del ba\u00f1o y <strong data-start=\"1454\" data-end=\"1476\">recuperamos piezas<\/strong> encontradas en el sal\u00f3n para <strong data-start=\"1506\" data-end=\"1536\">recolocarlas en la galer\u00eda<\/strong>.<\/p><\/li><li data-start=\"1540\" data-end=\"1722\"><p data-start=\"1542\" data-end=\"1722\">De la antigua puerta de cocina, un <strong data-start=\"1577\" data-end=\"1608\">vidrio de colores con plomo<\/strong>: lo <strong data-start=\"1613\" data-end=\"1651\">integramos en la zona de la ba\u00f1era<\/strong> para sumar calidez y una luz que recuerda a los portales del Eixample.<\/p><\/li><\/ul>\t\t\t\t\t\t\t\t<\/div>\n\t\t\t\t<\/div>\n\t\t\t\t\t<\/div>\n\t\t<\/div>\n\t\t\t\t\t<\/div>\n\t\t<\/section>\n\t\t\t\t<section class=\"elementor-section elementor-top-section elementor-element elementor-element-842f9c5 elementor-section-boxed elementor-section-height-default elementor-section-height-default\" data-id=\"842f9c5\" data-element_type=\"section\" data-e-type=\"section\">\n\t\t\t\t\t\t<div class=\"elementor-container elementor-column-gap-default\">\n\t\t\t\t\t<div class=\"elementor-column elementor-col-100 elementor-top-column elementor-element elementor-element-bcea1dd\" data-id=\"bcea1dd\" data-element_type=\"column\" data-e-type=\"column\">\n\t\t\t<div class=\"elementor-widget-wrap elementor-element-populated\">\n\t\t\t\t\t\t<div class=\"elementor-element elementor-element-1382765 elementor-widget elementor-widget-heading\" data-id=\"1382765\" data-element_type=\"widget\" data-e-type=\"widget\" data-widget_type=\"heading.default\">\n\t\t\t\t<div class=\"elementor-widget-container\">\n\t\t\t\t\t<h3 class=\"elementor-heading-title elementor-size-default\">Color y materialidad<\/h3>\t\t\t\t<\/div>\n\t\t\t\t<\/div>\n\t\t\t\t\t<\/div>\n\t\t<\/div>\n\t\t\t\t\t<\/div>\n\t\t<\/section>\n\t\t\t\t<section class=\"elementor-section elementor-top-section elementor-element elementor-element-67aa523 elementor-section-boxed elementor-section-height-default elementor-section-height-default\" data-id=\"67aa523\" data-element_type=\"section\" data-e-type=\"section\">\n\t\t\t\t\t\t<div class=\"elementor-container elementor-column-gap-default\">\n\t\t\t\t\t<div class=\"elementor-column elementor-col-100 elementor-top-column elementor-element elementor-element-8ebc55d\" data-id=\"8ebc55d\" data-element_type=\"column\" data-e-type=\"column\">\n\t\t\t<div class=\"elementor-widget-wrap elementor-element-populated\">\n\t\t\t\t\t\t<div class=\"elementor-element elementor-element-405b49f elementor-widget elementor-widget-text-editor\" data-id=\"405b49f\" data-element_type=\"widget\" data-e-type=\"widget\" data-widget_type=\"text-editor.default\">\n\t\t\t\t<div class=\"elementor-widget-container\">\n\t\t\t\t\t\t\t\t\t<ul><li data-start=\"1773\" data-end=\"1913\"><p data-start=\"1775\" data-end=\"1913\">La paleta que ella deseaba: <strong data-start=\"1803\" data-end=\"1812\">verde<\/strong>. En cocina, frentes <strong data-start=\"1833\" data-end=\"1843\">verdes<\/strong>; en ba\u00f1o, <strong data-start=\"1854\" data-end=\"1873\">verde esmeralda<\/strong>; en despacho, un <strong data-start=\"1891\" data-end=\"1910\">verde m\u00e1s suave<\/strong>.<\/p><\/li><li data-start=\"1914\" data-end=\"2033\"><p data-start=\"1916\" data-end=\"2033\">Para equilibrar, <strong data-start=\"1933\" data-end=\"1958\">parquet marr\u00f3n oscuro<\/strong> que contrasta con las <strong data-start=\"1981\" data-end=\"2000\">paredes blancas<\/strong> y realza los verdes sin saturar.<\/p><\/li><\/ul>\t\t\t\t\t\t\t\t<\/div>\n\t\t\t\t<\/div>\n\t\t\t\t\t<\/div>\n\t\t<\/div>\n\t\t\t\t\t<\/div>\n\t\t<\/section>\n\t\t\t\t<section class=\"elementor-section elementor-top-section elementor-element elementor-element-1daaa3e elementor-section-boxed elementor-section-height-default elementor-section-height-default\" data-id=\"1daaa3e\" data-element_type=\"section\" data-e-type=\"section\">\n\t\t\t\t\t\t<div class=\"elementor-container elementor-column-gap-default\">\n\t\t\t\t\t<div class=\"elementor-column elementor-col-100 elementor-top-column elementor-element elementor-element-c3bbf67\" data-id=\"c3bbf67\" data-element_type=\"column\" data-e-type=\"column\">\n\t\t\t<div class=\"elementor-widget-wrap elementor-element-populated\">\n\t\t\t\t\t\t<div class=\"elementor-element elementor-element-47828bb elementor-widget elementor-widget-heading\" data-id=\"47828bb\" data-element_type=\"widget\" data-e-type=\"widget\" data-widget_type=\"heading.default\">\n\t\t\t\t<div class=\"elementor-widget-container\">\n\t\t\t\t\t<h2 class=\"elementor-heading-title elementor-size-default\">Resultado<\/h2>\t\t\t\t<\/div>\n\t\t\t\t<\/div>\n\t\t\t\t\t<\/div>\n\t\t<\/div>\n\t\t\t\t\t<\/div>\n\t\t<\/section>\n\t\t\t\t<section class=\"elementor-section elementor-top-section elementor-element elementor-element-c4d1a75 elementor-section-boxed elementor-section-height-default elementor-section-height-default\" data-id=\"c4d1a75\" data-element_type=\"section\" data-e-type=\"section\">\n\t\t\t\t\t\t<div class=\"elementor-container elementor-column-gap-default\">\n\t\t\t\t\t<div class=\"elementor-column elementor-col-100 elementor-top-column elementor-element elementor-element-3f0fe5c\" data-id=\"3f0fe5c\" data-element_type=\"column\" data-e-type=\"column\">\n\t\t\t<div class=\"elementor-widget-wrap elementor-element-populated\">\n\t\t\t\t\t\t<div class=\"elementor-element elementor-element-901d049 elementor-widget elementor-widget-text-editor\" data-id=\"901d049\" data-element_type=\"widget\" data-e-type=\"widget\" data-widget_type=\"text-editor.default\">\n\t\t\t\t<div class=\"elementor-widget-container\">\n\t\t\t\t\t\t\t\t\t<p data-start=\"2047\" data-end=\"2301\">Un piso que <strong data-start=\"2059\" data-end=\"2080\">respira Barcelona<\/strong>: conserva lo valioso, mejora lo cotidiano y <strong data-start=\"2125\" data-end=\"2145\">enamora cada d\u00eda<\/strong>. La casa es m\u00e1s <strong data-start=\"2162\" data-end=\"2193\">amplia, ordenada y luminosa<\/strong>; el color acompa\u00f1a sin imponerse; los detalles originales siguen contando historias\u2026 ahora, contigo dentro.<\/p><p data-start=\"2303\" data-end=\"2488\" data-is-last-node=\"\" data-is-only-node=\"\"><strong data-start=\"2303\" data-end=\"2356\">Somos un despacho de arquitectas e interioristas.<\/strong> Dise\u00f1amos lo bello y resolvemos lo t\u00e9cnico con el mismo cuidado.<\/p><p data-start=\"2303\" data-end=\"2488\" data-is-last-node=\"\" data-is-only-node=\"\">Si quieres <strong data-start=\"2435\" data-end=\"2477\">actualizar tu hogar sin perder su alma<\/strong>, hablemos.<\/p>\t\t\t\t\t\t\t\t<\/div>\n\t\t\t\t<\/div>\n\t\t\t\t\t<\/div>\n\t\t<\/div>\n\t\t\t\t\t<\/div>\n\t\t<\/section>\n\t\t\t\t<section class=\"elementor-section elementor-top-section elementor-element elementor-element-af01ac3 elementor-section-boxed elementor-section-height-default elementor-section-height-default\" data-id=\"af01ac3\" data-element_type=\"section\" data-e-type=\"section\">\n\t\t\t\t\t\t<div class=\"elementor-container elementor-column-gap-default\">\n\t\t\t\t\t<div class=\"elementor-column elementor-col-100 elementor-top-column elementor-element elementor-element-c1e7a79\" data-id=\"c1e7a79\" data-element_type=\"column\" data-e-type=\"column\">\n\t\t\t<div class=\"elementor-widget-wrap elementor-element-populated\">\n\t\t\t\t\t\t<div class=\"elementor-element elementor-element-955c8d2 elementor-widget elementor-widget-spacer\" data-id=\"955c8d2\" data-element_type=\"widget\" data-e-type=\"widget\" data-widget_type=\"spacer.default\">\n\t\t\t\t<div class=\"elementor-widget-container\">\n\t\t\t\t\t\t\t<div class=\"elementor-spacer\">\n\t\t\t<div class=\"elementor-spacer-inner\"><\/div>\n\t\t<\/div>\n\t\t\t\t\t\t<\/div>\n\t\t\t\t<\/div>\n\t\t\t\t\t<\/div>\n\t\t<\/div>\n\t\t\t\t\t<\/div>\n\t\t<\/section>\n\t\t\t\t<section class=\"elementor-section elementor-top-section elementor-element elementor-element-29070f5 elementor-section-boxed elementor-section-height-default elementor-section-height-default\" data-id=\"29070f5\" data-element_type=\"section\" data-e-type=\"section\">\n\t\t\t\t\t\t<div class=\"elementor-container elementor-column-gap-default\">\n\t\t\t\t\t<div class=\"elementor-column elementor-col-100 elementor-top-column elementor-element elementor-element-0887483\" data-id=\"0887483\" data-element_type=\"column\" data-e-type=\"column\">\n\t\t\t<div class=\"elementor-widget-wrap elementor-element-populated\">\n\t\t\t\t\t\t<div class=\"elementor-element elementor-element-1cd1e93 elementor-widget elementor-widget-gallery\" data-id=\"1cd1e93\" data-element_type=\"widget\" data-e-type=\"widget\" data-settings=\"{&quot;gallery_layout&quot;:&quot;justified&quot;,&quot;ideal_row_height&quot;:{&quot;unit&quot;:&quot;px&quot;,&quot;size&quot;:350,&quot;sizes&quot;:[]},&quot;lazyload&quot;:&quot;yes&quot;,&quot;ideal_row_height_tablet&quot;:{&quot;unit&quot;:&quot;px&quot;,&quot;size&quot;:150,&quot;sizes&quot;:[]},&quot;ideal_row_height_mobile&quot;:{&quot;unit&quot;:&quot;px&quot;,&quot;size&quot;:150,&quot;sizes&quot;:[]},&quot;gap&quot;:{&quot;unit&quot;:&quot;px&quot;,&quot;size&quot;:10,&quot;sizes&quot;:[]},&quot;gap_tablet&quot;:{&quot;unit&quot;:&quot;px&quot;,&quot;size&quot;:10,&quot;sizes&quot;:[]},&quot;gap_mobile&quot;:{&quot;unit&quot;:&quot;px&quot;,&quot;size&quot;:10,&quot;sizes&quot;:[]},&quot;link_to&quot;:&quot;file&quot;,&quot;overlay_background&quot;:&quot;yes&quot;,&quot;content_hover_animation&quot;:&quot;fade-in&quot;}\" data-widget_type=\"gallery.default\">\n\t\t\t\t<div class=\"elementor-widget-container\">\n\t\t\t\t\t\t\t<div class=\"elementor-gallery__container\">\n\t\t\t\t\t\t\t<a class=\"e-gallery-item elementor-gallery-item elementor-animated-content\" href=\"https:\/\/inandoutarchitects.com\/wp-content\/uploads\/2025\/11\/PB7-scaled.jpg\" data-elementor-open-lightbox=\"yes\" data-elementor-lightbox-slideshow=\"1cd1e93\" data-elementor-lightbox-title=\"Proyecto Poble Sec \u00b7 Cocina abierta verde\" data-elementor-lightbox-description=\"Apertura de cocina para ganar amplitud y conversaci\u00f3n; frentes verdes y mobiliario curvo que dialogan con el sal\u00f3n. Reforma integral en Poble Sec.\" data-e-action-hash=\"#elementor-action%3Aaction%3Dlightbox%26settings%3DeyJpZCI6NDIwOSwidXJsIjoiaHR0cHM6XC9cL2luYW5kb3V0YXJjaGl0ZWN0cy5jb21cL3dwLWNvbnRlbnRcL3VwbG9hZHNcLzIwMjVcLzExXC9QQjctc2NhbGVkLmpwZyIsInNsaWRlc2hvdyI6IjFjZDFlOTMifQ%3D%3D\">\n\t\t\t\t\t<div class=\"e-gallery-image elementor-gallery-item__image\" data-thumbnail=\"https:\/\/inandoutarchitects.com\/wp-content\/uploads\/2025\/11\/PB7-946x2048.jpg\" data-width=\"946\" data-height=\"2048\" aria-label=\"Cocina verde abierta al sal\u00f3n con mobiliario de formas curvas en Poble Sec.\" role=\"img\" ><\/div>\n\t\t\t\t\t\t\t\t\t\t\t<div class=\"elementor-gallery-item__overlay\"><\/div>\n\t\t\t\t\t\t\t\t\t\t\t\t\t\t<\/a>\n\t\t\t\t\t\t\t<a class=\"e-gallery-item elementor-gallery-item elementor-animated-content\" href=\"https:\/\/inandoutarchitects.com\/wp-content\/uploads\/2025\/12\/20250926_103202-scaled.jpg\" data-elementor-open-lightbox=\"yes\" data-elementor-lightbox-slideshow=\"1cd1e93\" data-elementor-lightbox-title=\"Proyecto Poble Sec \u00b7 Cocina abierta verde\" data-elementor-lightbox-description=\"Apertura de cocina para ganar amplitud y conversaci\u00f3n; frentes verdes y mobiliario curvo que dialogan con el sal\u00f3n. Reforma integral en Poble Sec.\" data-e-action-hash=\"#elementor-action%3Aaction%3Dlightbox%26settings%3DeyJpZCI6NDM2OCwidXJsIjoiaHR0cHM6XC9cL2luYW5kb3V0YXJjaGl0ZWN0cy5jb21cL3dwLWNvbnRlbnRcL3VwbG9hZHNcLzIwMjVcLzEyXC8yMDI1MDkyNl8xMDMyMDItc2NhbGVkLmpwZyIsInNsaWRlc2hvdyI6IjFjZDFlOTMifQ%3D%3D\">\n\t\t\t\t\t<div class=\"e-gallery-image elementor-gallery-item__image\" data-thumbnail=\"https:\/\/inandoutarchitects.com\/wp-content\/uploads\/2025\/12\/20250926_103202-946x2048.jpg\" data-width=\"946\" data-height=\"2048\" aria-label=\"Cocina verde abierta al sal\u00f3n con mobiliario de formas curvas en Poble Sec.\" role=\"img\" ><\/div>\n\t\t\t\t\t\t\t\t\t\t\t<div class=\"elementor-gallery-item__overlay\"><\/div>\n\t\t\t\t\t\t\t\t\t\t\t\t\t\t<\/a>\n\t\t\t\t\t\t\t<a class=\"e-gallery-item elementor-gallery-item elementor-animated-content\" href=\"https:\/\/inandoutarchitects.com\/wp-content\/uploads\/2025\/11\/PB9-scaled.jpg\" data-elementor-open-lightbox=\"yes\" data-elementor-lightbox-slideshow=\"1cd1e93\" data-elementor-lightbox-title=\"Proyecto Poble Sec \u00b7 Cocina abierta verde\" data-elementor-lightbox-description=\"Apertura de cocina para ganar amplitud y conversaci\u00f3n; frentes verdes y mobiliario curvo que dialogan con el sal\u00f3n. Reforma integral en Poble Sec.\" data-e-action-hash=\"#elementor-action%3Aaction%3Dlightbox%26settings%3DeyJpZCI6NDIxMSwidXJsIjoiaHR0cHM6XC9cL2luYW5kb3V0YXJjaGl0ZWN0cy5jb21cL3dwLWNvbnRlbnRcL3VwbG9hZHNcLzIwMjVcLzExXC9QQjktc2NhbGVkLmpwZyIsInNsaWRlc2hvdyI6IjFjZDFlOTMifQ%3D%3D\">\n\t\t\t\t\t<div class=\"e-gallery-image elementor-gallery-item__image\" data-thumbnail=\"https:\/\/inandoutarchitects.com\/wp-content\/uploads\/2025\/11\/PB9-946x2048.jpg\" data-width=\"946\" data-height=\"2048\" aria-label=\"Cocina verde abierta al sal\u00f3n con mobiliario de formas curvas en Poble Sec.\" role=\"img\" ><\/div>\n\t\t\t\t\t\t\t\t\t\t\t<div class=\"elementor-gallery-item__overlay\"><\/div>\n\t\t\t\t\t\t\t\t\t\t\t\t\t\t<\/a>\n\t\t\t\t\t\t\t<a class=\"e-gallery-item elementor-gallery-item elementor-animated-content\" href=\"https:\/\/inandoutarchitects.com\/wp-content\/uploads\/2025\/11\/PB8-scaled.jpg\" data-elementor-open-lightbox=\"yes\" data-elementor-lightbox-slideshow=\"1cd1e93\" data-elementor-lightbox-title=\"Proyecto Poble Sec \u00b7 Cocina abierta verde\" data-elementor-lightbox-description=\"Apertura de cocina para ganar amplitud y conversaci\u00f3n; frentes verdes y mobiliario curvo que dialogan con el sal\u00f3n. Reforma integral en Poble Sec.\" data-e-action-hash=\"#elementor-action%3Aaction%3Dlightbox%26settings%3DeyJpZCI6NDIxMCwidXJsIjoiaHR0cHM6XC9cL2luYW5kb3V0YXJjaGl0ZWN0cy5jb21cL3dwLWNvbnRlbnRcL3VwbG9hZHNcLzIwMjVcLzExXC9QQjgtc2NhbGVkLmpwZyIsInNsaWRlc2hvdyI6IjFjZDFlOTMifQ%3D%3D\">\n\t\t\t\t\t<div class=\"e-gallery-image elementor-gallery-item__image\" data-thumbnail=\"https:\/\/inandoutarchitects.com\/wp-content\/uploads\/2025\/11\/PB8-946x2048.jpg\" data-width=\"946\" data-height=\"2048\" aria-label=\"Cocina verde abierta al sal\u00f3n con mobiliario de formas curvas en Poble Sec.\" role=\"img\" ><\/div>\n\t\t\t\t\t\t\t\t\t\t\t<div class=\"elementor-gallery-item__overlay\"><\/div>\n\t\t\t\t\t\t\t\t\t\t\t\t\t\t<\/a>\n\t\t\t\t\t\t\t<a class=\"e-gallery-item elementor-gallery-item elementor-animated-content\" href=\"https:\/\/inandoutarchitects.com\/wp-content\/uploads\/2025\/11\/PB12-scaled.jpg\" data-elementor-open-lightbox=\"yes\" data-elementor-lightbox-slideshow=\"1cd1e93\" data-elementor-lightbox-title=\"Proyecto Poble Sec \u00b7 Vidrio de colores en ba\u00f1o\" data-elementor-lightbox-description=\"Reutilizaci\u00f3n de vidrio plomado de colores para filtrar la luz y conectar el ba\u00f1o con la historia del piso. Detalle distintivo de la reforma.\" data-e-action-hash=\"#elementor-action%3Aaction%3Dlightbox%26settings%3DeyJpZCI6NDIxNCwidXJsIjoiaHR0cHM6XC9cL2luYW5kb3V0YXJjaGl0ZWN0cy5jb21cL3dwLWNvbnRlbnRcL3VwbG9hZHNcLzIwMjVcLzExXC9QQjEyLXNjYWxlZC5qcGciLCJzbGlkZXNob3ciOiIxY2QxZTkzIn0%3D\">\n\t\t\t\t\t<div class=\"e-gallery-image elementor-gallery-item__image\" data-thumbnail=\"https:\/\/inandoutarchitects.com\/wp-content\/uploads\/2025\/11\/PB12-946x2048.jpg\" data-width=\"946\" data-height=\"2048\" aria-label=\"Vidrio antiguo de colores con plomo integrado en la zona de ba\u00f1era en Poble Sec.\" role=\"img\" ><\/div>\n\t\t\t\t\t\t\t\t\t\t\t<div class=\"elementor-gallery-item__overlay\"><\/div>\n\t\t\t\t\t\t\t\t\t\t\t\t\t\t<\/a>\n\t\t\t\t\t\t\t<a class=\"e-gallery-item elementor-gallery-item elementor-animated-content\" href=\"https:\/\/inandoutarchitects.com\/wp-content\/uploads\/2025\/11\/PB11-scaled.jpg\" data-elementor-open-lightbox=\"yes\" data-elementor-lightbox-slideshow=\"1cd1e93\" data-elementor-lightbox-title=\"Proyecto Poble Sec \u00b7 Vidrio de colores en ba\u00f1o\" data-elementor-lightbox-description=\"Reutilizaci\u00f3n de vidrio plomado de colores para filtrar la luz y conectar el ba\u00f1o con la historia del piso. Detalle distintivo de la reforma.\" data-e-action-hash=\"#elementor-action%3Aaction%3Dlightbox%26settings%3DeyJpZCI6NDIxMywidXJsIjoiaHR0cHM6XC9cL2luYW5kb3V0YXJjaGl0ZWN0cy5jb21cL3dwLWNvbnRlbnRcL3VwbG9hZHNcLzIwMjVcLzExXC9QQjExLXNjYWxlZC5qcGciLCJzbGlkZXNob3ciOiIxY2QxZTkzIn0%3D\">\n\t\t\t\t\t<div class=\"e-gallery-image elementor-gallery-item__image\" data-thumbnail=\"https:\/\/inandoutarchitects.com\/wp-content\/uploads\/2025\/11\/PB11-946x2048.jpg\" data-width=\"946\" data-height=\"2048\" aria-label=\"Vidrio antiguo de colores con plomo integrado en la zona de ba\u00f1era en Poble Sec.\" role=\"img\" ><\/div>\n\t\t\t\t\t\t\t\t\t\t\t<div class=\"elementor-gallery-item__overlay\"><\/div>\n\t\t\t\t\t\t\t\t\t\t\t\t\t\t<\/a>\n\t\t\t\t\t\t\t<a class=\"e-gallery-item elementor-gallery-item elementor-animated-content\" href=\"https:\/\/inandoutarchitects.com\/wp-content\/uploads\/2025\/12\/20250926_105310-scaled.jpg\" data-elementor-open-lightbox=\"yes\" data-elementor-lightbox-slideshow=\"1cd1e93\" data-elementor-lightbox-title=\"Proyecto Poble Sec \u00b7 Ba\u00f1o con hidr\u00e1ulico\" data-elementor-lightbox-description=\"Conservaci\u00f3n del pavimento hidr\u00e1ulico original y paleta verde esmeralda que aporta frescura. Reforma integral en Poble Sec con respeto patrimonial.\" data-e-action-hash=\"#elementor-action%3Aaction%3Dlightbox%26settings%3DeyJpZCI6NDM2OSwidXJsIjoiaHR0cHM6XC9cL2luYW5kb3V0YXJjaGl0ZWN0cy5jb21cL3dwLWNvbnRlbnRcL3VwbG9hZHNcLzIwMjVcLzEyXC8yMDI1MDkyNl8xMDUzMTAtc2NhbGVkLmpwZyIsInNsaWRlc2hvdyI6IjFjZDFlOTMifQ%3D%3D\">\n\t\t\t\t\t<div class=\"e-gallery-image elementor-gallery-item__image\" data-thumbnail=\"https:\/\/inandoutarchitects.com\/wp-content\/uploads\/2025\/12\/20250926_105310-946x2048.jpg\" data-width=\"946\" data-height=\"2048\" aria-label=\"Ba\u00f1o con suelo hidr\u00e1ulico original restaurado y mueble verde esmeralda.\" role=\"img\" ><\/div>\n\t\t\t\t\t\t\t\t\t\t\t<div class=\"elementor-gallery-item__overlay\"><\/div>\n\t\t\t\t\t\t\t\t\t\t\t\t\t\t<\/a>\n\t\t\t\t\t\t\t<a class=\"e-gallery-item elementor-gallery-item elementor-animated-content\" href=\"https:\/\/inandoutarchitects.com\/wp-content\/uploads\/2025\/12\/20250926_105318-scaled.jpg\" data-elementor-open-lightbox=\"yes\" data-elementor-lightbox-slideshow=\"1cd1e93\" data-elementor-lightbox-title=\"Proyecto Poble Sec \u00b7 Ba\u00f1o con hidr\u00e1ulico\" data-elementor-lightbox-description=\"Conservaci\u00f3n del pavimento hidr\u00e1ulico original y paleta verde esmeralda que aporta frescura. Reforma integral en Poble Sec con respeto patrimonial.\" data-e-action-hash=\"#elementor-action%3Aaction%3Dlightbox%26settings%3DeyJpZCI6NDM3MCwidXJsIjoiaHR0cHM6XC9cL2luYW5kb3V0YXJjaGl0ZWN0cy5jb21cL3dwLWNvbnRlbnRcL3VwbG9hZHNcLzIwMjVcLzEyXC8yMDI1MDkyNl8xMDUzMTgtc2NhbGVkLmpwZyIsInNsaWRlc2hvdyI6IjFjZDFlOTMifQ%3D%3D\">\n\t\t\t\t\t<div class=\"e-gallery-image elementor-gallery-item__image\" data-thumbnail=\"https:\/\/inandoutarchitects.com\/wp-content\/uploads\/2025\/12\/20250926_105318-946x2048.jpg\" data-width=\"946\" data-height=\"2048\" aria-label=\"Ba\u00f1o con suelo hidr\u00e1ulico original restaurado y mueble verde esmeralda.\" role=\"img\" ><\/div>\n\t\t\t\t\t\t\t\t\t\t\t<div class=\"elementor-gallery-item__overlay\"><\/div>\n\t\t\t\t\t\t\t\t\t\t\t\t\t\t<\/a>\n\t\t\t\t\t\t\t<a class=\"e-gallery-item elementor-gallery-item elementor-animated-content\" href=\"https:\/\/inandoutarchitects.com\/wp-content\/uploads\/2025\/11\/PB6-scaled.jpg\" data-elementor-open-lightbox=\"yes\" data-elementor-lightbox-slideshow=\"1cd1e93\" data-elementor-lightbox-title=\"Proyecto Poble Sec \u00b7 Balconera y molduras\" data-elementor-lightbox-description=\"Conservaci\u00f3n de balconeras con molduras y cornisas originales para mantener el car\u00e1cter del piso. Reforma integral en Poble Sec por arquitectas e interioristas.\" data-e-action-hash=\"#elementor-action%3Aaction%3Dlightbox%26settings%3DeyJpZCI6NDIwOCwidXJsIjoiaHR0cHM6XC9cL2luYW5kb3V0YXJjaGl0ZWN0cy5jb21cL3dwLWNvbnRlbnRcL3VwbG9hZHNcLzIwMjVcLzExXC9QQjYtc2NhbGVkLmpwZyIsInNsaWRlc2hvdyI6IjFjZDFlOTMifQ%3D%3D\">\n\t\t\t\t\t<div class=\"e-gallery-image elementor-gallery-item__image\" data-thumbnail=\"https:\/\/inandoutarchitects.com\/wp-content\/uploads\/2025\/11\/PB6-946x2048.jpg\" data-width=\"946\" data-height=\"2048\" aria-label=\"Sal\u00f3n con balconera de madera y molduras originales restauradas en Poble Sec.\" role=\"img\" ><\/div>\n\t\t\t\t\t\t\t\t\t\t\t<div class=\"elementor-gallery-item__overlay\"><\/div>\n\t\t\t\t\t\t\t\t\t\t\t\t\t\t<\/a>\n\t\t\t\t\t\t\t<a class=\"e-gallery-item elementor-gallery-item elementor-animated-content\" href=\"https:\/\/inandoutarchitects.com\/wp-content\/uploads\/2025\/11\/PB5-scaled.jpg\" data-elementor-open-lightbox=\"yes\" data-elementor-lightbox-slideshow=\"1cd1e93\" data-elementor-lightbox-title=\"Proyecto Poble Sec \u00b7 Balconera y molduras\" data-elementor-lightbox-description=\"Conservaci\u00f3n de balconeras con molduras y cornisas originales para mantener el car\u00e1cter del piso. Reforma integral en Poble Sec por arquitectas e interioristas.\" data-e-action-hash=\"#elementor-action%3Aaction%3Dlightbox%26settings%3DeyJpZCI6NDIwNywidXJsIjoiaHR0cHM6XC9cL2luYW5kb3V0YXJjaGl0ZWN0cy5jb21cL3dwLWNvbnRlbnRcL3VwbG9hZHNcLzIwMjVcLzExXC9QQjUtc2NhbGVkLmpwZyIsInNsaWRlc2hvdyI6IjFjZDFlOTMifQ%3D%3D\">\n\t\t\t\t\t<div class=\"e-gallery-image elementor-gallery-item__image\" data-thumbnail=\"https:\/\/inandoutarchitects.com\/wp-content\/uploads\/2025\/11\/PB5-946x2048.jpg\" data-width=\"946\" data-height=\"2048\" aria-label=\"Sal\u00f3n con balconera de madera y molduras originales restauradas en Poble Sec.\" role=\"img\" ><\/div>\n\t\t\t\t\t\t\t\t\t\t\t<div class=\"elementor-gallery-item__overlay\"><\/div>\n\t\t\t\t\t\t\t\t\t\t\t\t\t\t<\/a>\n\t\t\t\t\t\t\t<a class=\"e-gallery-item elementor-gallery-item elementor-animated-content\" href=\"https:\/\/inandoutarchitects.com\/wp-content\/uploads\/2025\/11\/PB4-scaled.jpg\" data-elementor-open-lightbox=\"yes\" data-elementor-lightbox-slideshow=\"1cd1e93\" data-elementor-lightbox-title=\"Proyecto Poble Sec \u00b7 Balconera y molduras\" data-elementor-lightbox-description=\"Conservaci\u00f3n de balconeras con molduras y cornisas originales para mantener el car\u00e1cter del piso. Reforma integral en Poble Sec por arquitectas e interioristas.\" data-e-action-hash=\"#elementor-action%3Aaction%3Dlightbox%26settings%3DeyJpZCI6NDIwNiwidXJsIjoiaHR0cHM6XC9cL2luYW5kb3V0YXJjaGl0ZWN0cy5jb21cL3dwLWNvbnRlbnRcL3VwbG9hZHNcLzIwMjVcLzExXC9QQjQtc2NhbGVkLmpwZyIsInNsaWRlc2hvdyI6IjFjZDFlOTMifQ%3D%3D\">\n\t\t\t\t\t<div class=\"e-gallery-image elementor-gallery-item__image\" data-thumbnail=\"https:\/\/inandoutarchitects.com\/wp-content\/uploads\/2025\/11\/PB4-946x2048.jpg\" data-width=\"946\" data-height=\"2048\" aria-label=\"Sal\u00f3n con balconera de madera y molduras originales restauradas en Poble Sec.\" role=\"img\" ><\/div>\n\t\t\t\t\t\t\t\t\t\t\t<div class=\"elementor-gallery-item__overlay\"><\/div>\n\t\t\t\t\t\t\t\t\t\t\t\t\t\t<\/a>\n\t\t\t\t\t\t\t<a class=\"e-gallery-item elementor-gallery-item elementor-animated-content\" href=\"https:\/\/inandoutarchitects.com\/wp-content\/uploads\/2025\/11\/PB3-scaled.jpg\" data-elementor-open-lightbox=\"yes\" data-elementor-lightbox-slideshow=\"1cd1e93\" data-elementor-lightbox-title=\"Proyecto Poble Sec \u00b7 Balconera y molduras\" data-elementor-lightbox-description=\"Conservaci\u00f3n de balconeras con molduras y cornisas originales para mantener el car\u00e1cter del piso. Reforma integral en Poble Sec por arquitectas e interioristas.\" data-e-action-hash=\"#elementor-action%3Aaction%3Dlightbox%26settings%3DeyJpZCI6NDIwNSwidXJsIjoiaHR0cHM6XC9cL2luYW5kb3V0YXJjaGl0ZWN0cy5jb21cL3dwLWNvbnRlbnRcL3VwbG9hZHNcLzIwMjVcLzExXC9QQjMtc2NhbGVkLmpwZyIsInNsaWRlc2hvdyI6IjFjZDFlOTMifQ%3D%3D\">\n\t\t\t\t\t<div class=\"e-gallery-image elementor-gallery-item__image\" data-thumbnail=\"https:\/\/inandoutarchitects.com\/wp-content\/uploads\/2025\/11\/PB3-946x2048.jpg\" data-width=\"946\" data-height=\"2048\" aria-label=\"Sal\u00f3n con balconera de madera y molduras originales restauradas en Poble Sec.\" role=\"img\" ><\/div>\n\t\t\t\t\t\t\t\t\t\t\t<div class=\"elementor-gallery-item__overlay\"><\/div>\n\t\t\t\t\t\t\t\t\t\t\t\t\t\t<\/a>\n\t\t\t\t\t<\/div>\n\t\t\t\t\t<\/div>\n\t\t\t\t<\/div>\n\t\t\t\t\t<\/div>\n\t\t<\/div>\n\t\t\t\t\t<\/div>\n\t\t<\/section>\n\t\t\t\t<section class=\"elementor-section elementor-top-section elementor-element elementor-element-c4a92f2 elementor-section-boxed elementor-section-height-default elementor-section-height-default\" data-id=\"c4a92f2\" data-element_type=\"section\" data-e-type=\"section\">\n\t\t\t\t\t\t<div class=\"elementor-container elementor-column-gap-default\">\n\t\t\t\t\t<div class=\"elementor-column elementor-col-100 elementor-top-column elementor-element elementor-element-f9e2766\" data-id=\"f9e2766\" data-element_type=\"column\" data-e-type=\"column\">\n\t\t\t<div class=\"elementor-widget-wrap elementor-element-populated\">\n\t\t\t\t\t\t<div class=\"elementor-element elementor-element-29248e5 elementor-widget elementor-widget-spacer\" data-id=\"29248e5\" data-element_type=\"widget\" data-e-type=\"widget\" data-widget_type=\"spacer.default\">\n\t\t\t\t<div class=\"elementor-widget-container\">\n\t\t\t\t\t\t\t<div class=\"elementor-spacer\">\n\t\t\t<div class=\"elementor-spacer-inner\"><\/div>\n\t\t<\/div>\n\t\t\t\t\t\t<\/div>\n\t\t\t\t<\/div>\n\t\t\t\t\t<\/div>\n\t\t<\/div>\n\t\t\t\t\t<\/div>\n\t\t<\/section>\n\t\t\t\t<section class=\"elementor-section elementor-top-section elementor-element elementor-element-3a56e10 elementor-section-full_width elementor-section-height-default elementor-section-height-default\" data-id=\"3a56e10\" data-element_type=\"section\" data-e-type=\"section\">\n\t\t\t\t\t\t<div class=\"elementor-container elementor-column-gap-default\">\n\t\t\t\t\t<div class=\"elementor-column elementor-col-100 elementor-top-column elementor-element elementor-element-f2c2ef1\" data-id=\"f2c2ef1\" data-element_type=\"column\" data-e-type=\"column\">\n\t\t\t<div class=\"elementor-widget-wrap elementor-element-populated\">\n\t\t\t\t\t\t<div class=\"elementor-element elementor-element-b2e634f elementor-widget elementor-widget-menu-anchor\" data-id=\"b2e634f\" data-element_type=\"widget\" data-e-type=\"widget\" data-widget_type=\"menu-anchor.default\">\n\t\t\t\t<div class=\"elementor-widget-container\">\n\t\t\t\t\t\t\t<div class=\"elementor-menu-anchor\" id=\"contacto\"><\/div>\n\t\t\t\t\t\t<\/div>\n\t\t\t\t<\/div>\n\t\t\t\t<div class=\"elementor-element elementor-element-e2cf5d4 hp_letras elementor-widget__width-auto elementor-widget elementor-widget-heading\" data-id=\"e2cf5d4\" data-element_type=\"widget\" data-e-type=\"widget\" data-widget_type=\"heading.default\">\n\t\t\t\t<div class=\"elementor-widget-container\">\n\t\t\t\t\t<h2 class=\"elementor-heading-title elementor-size-default\">CONTACTO<\/h2>\t\t\t\t<\/div>\n\t\t\t\t<\/div>\n\t\t\t\t<div class=\"elementor-element elementor-element-e9b6357 elementor-widget__width-initial elementor-absolute elementor-widget elementor-widget-spacer\" data-id=\"e9b6357\" data-element_type=\"widget\" data-e-type=\"widget\" data-settings=\"{&quot;_position&quot;:&quot;absolute&quot;}\" data-widget_type=\"spacer.default\">\n\t\t\t\t<div class=\"elementor-widget-container\">\n\t\t\t\t\t\t\t<div class=\"elementor-spacer\">\n\t\t\t<div class=\"elementor-spacer-inner\"><\/div>\n\t\t<\/div>\n\t\t\t\t\t\t<\/div>\n\t\t\t\t<\/div>\n\t\t\t\t\t<\/div>\n\t\t<\/div>\n\t\t\t\t\t<\/div>\n\t\t<\/section>\n\t\t\t\t<section class=\"elementor-section elementor-top-section elementor-element elementor-element-d2c32b0 elementor-section-boxed elementor-section-height-default elementor-section-height-default\" data-id=\"d2c32b0\" data-element_type=\"section\" data-e-type=\"section\">\n\t\t\t\t\t\t<div class=\"elementor-container elementor-column-gap-default\">\n\t\t\t\t\t<div class=\"elementor-column elementor-col-50 elementor-top-column elementor-element elementor-element-e1cd151\" data-id=\"e1cd151\" data-element_type=\"column\" data-e-type=\"column\">\n\t\t\t<div class=\"elementor-widget-wrap elementor-element-populated\">\n\t\t\t\t\t\t<div class=\"elementor-element elementor-element-a299932 elementor-widget elementor-widget-heading\" data-id=\"a299932\" data-element_type=\"widget\" data-e-type=\"widget\" data-widget_type=\"heading.default\">\n\t\t\t\t<div class=\"elementor-widget-container\">\n\t\t\t\t\t<h3 class=\"elementor-heading-title elementor-size-default\">PARA DUDAS Y CONSULTAS <br> CONT\u00c1CTANOS!<\/h3>\t\t\t\t<\/div>\n\t\t\t\t<\/div>\n\t\t\t\t<div class=\"elementor-element elementor-element-059c928 elementor-widget elementor-widget-heading\" data-id=\"059c928\" data-element_type=\"widget\" data-e-type=\"widget\" data-widget_type=\"heading.default\">\n\t\t\t\t<div class=\"elementor-widget-container\">\n\t\t\t\t\t<h3 class=\"elementor-heading-title elementor-size-default\">Hablemos por tel\u00e9fono y busquemos una cita para saber vuestras <br> necesidades.<\/h3>\t\t\t\t<\/div>\n\t\t\t\t<\/div>\n\t\t\t\t<div class=\"elementor-element elementor-element-eb5c8a9 elementor-widget elementor-widget-heading\" data-id=\"eb5c8a9\" data-element_type=\"widget\" data-e-type=\"widget\" data-widget_type=\"heading.default\">\n\t\t\t\t<div class=\"elementor-widget-container\">\n\t\t\t\t\t<h3 class=\"elementor-heading-title elementor-size-default\">BARCELONA<\/h3>\t\t\t\t<\/div>\n\t\t\t\t<\/div>\n\t\t\t\t<div class=\"elementor-element elementor-element-d862c06 elementor-icon-list--layout-traditional elementor-list-item-link-full_width elementor-widget elementor-widget-icon-list\" data-id=\"d862c06\" data-element_type=\"widget\" data-e-type=\"widget\" data-widget_type=\"icon-list.default\">\n\t\t\t\t<div class=\"elementor-widget-container\">\n\t\t\t\t\t\t\t<ul class=\"elementor-icon-list-items\">\n\t\t\t\t\t\t\t<li class=\"elementor-icon-list-item\">\n\t\t\t\t\t\t\t\t\t\t\t<span class=\"elementor-icon-list-icon\">\n\t\t\t\t\t\t\t<i aria-hidden=\"true\" class=\"fas fa-map-marker-alt\"><\/i>\t\t\t\t\t\t<\/span>\n\t\t\t\t\t\t\t\t\t\t<span class=\"elementor-icon-list-text\">C\/ Marqu\u00e9s de Monistrol, 6, Despacho 7, <br>08970 Sant Joan Desp\u00ed, Barcelona<\/span>\n\t\t\t\t\t\t\t\t\t<\/li>\n\t\t\t\t\t\t\t\t<li class=\"elementor-icon-list-item\">\n\t\t\t\t\t\t\t\t\t\t\t<span class=\"elementor-icon-list-icon\">\n\t\t\t\t\t\t\t<i aria-hidden=\"true\" class=\"fab fa-whatsapp\"><\/i>\t\t\t\t\t\t<\/span>\n\t\t\t\t\t\t\t\t\t\t<span class=\"elementor-icon-list-text\">IRENE +34 679861500<br> SARAH +34 673475880<\/span>\n\t\t\t\t\t\t\t\t\t<\/li>\n\t\t\t\t\t\t\t\t<li class=\"elementor-icon-list-item\">\n\t\t\t\t\t\t\t\t\t\t\t<span class=\"elementor-icon-list-icon\">\n\t\t\t\t\t\t\t<i aria-hidden=\"true\" class=\"far fa-envelope\"><\/i>\t\t\t\t\t\t<\/span>\n\t\t\t\t\t\t\t\t\t\t<span class=\"elementor-icon-list-text\">info@inandoutarchitects.com<\/span>\n\t\t\t\t\t\t\t\t\t<\/li>\n\t\t\t\t\t\t<\/ul>\n\t\t\t\t\t\t<\/div>\n\t\t\t\t<\/div>\n\t\t\t\t\t<\/div>\n\t\t<\/div>\n\t\t\t\t<div class=\"elementor-column elementor-col-50 elementor-top-column elementor-element elementor-element-c8d5abf\" data-id=\"c8d5abf\" data-element_type=\"column\" data-e-type=\"column\">\n\t\t\t<div class=\"elementor-widget-wrap\">\n\t\t\t\t\t\t\t<\/div>\n\t\t<\/div>\n\t\t\t\t\t<\/div>\n\t\t<\/section>\n\t\t\t\t<\/div>\n\t\t","protected":false},"excerpt":{"rendered":"<p>PROYECTO POBLE SEC Vivir la historia de Barcelona, a tu manera Facebook Instagram Tiktok Linkedin Whatsapp Ubicaci\u00f3n: Barcelona, Catalu\u00f1a, Espa\u00f1a. Fecha finalizaci\u00f3n obra: 2025 Arquitectura: In&amp;Out Architects Interiorismo: In&amp;Out Architects Fotograf\u00eda: Beatriz P\u00e9rez Proyecto Poble Sec \u00b7 Vivir la historia de Barcelona, a tu manera Nuestra clienta \u2014polaca, enamorada de Barcelona\u2014 so\u00f1aba con un hogar [&hellip;]<\/p>\n","protected":false},"author":3,"featured_media":4211,"parent":0,"menu_order":0,"comment_status":"closed","ping_status":"closed","template":"","meta":{"inline_featured_image":false,"_monsterinsights_skip_tracking":false,"_monsterinsights_sitenote_active":false,"_monsterinsights_sitenote_note":"","_monsterinsights_sitenote_category":0,"_uf_show_specific_survey":0,"_uf_disable_surveys":false,"footnotes":""},"class_list":["post-4359","page","type-page","status-publish","has-post-thumbnail","hentry"],"yoast_head":"<!-- This site is optimized with the Yoast SEO plugin v27.5 - https:\/\/yoast.com\/product\/yoast-seo-wordpress\/ -->\n<title>Reforma integral en Poble Sec: cocina abierta y patrimonio<\/title>\n<meta name=\"description\" content=\"Reforma integral en Poble Sec: cocina abierta al sal\u00f3n y conservaci\u00f3n de balconeras, molduras y suelos hidr\u00e1ulicos. Verdes equilibrados y parquet oscuro.\" \/>\n<meta name=\"robots\" content=\"index, follow, max-snippet:-1, max-image-preview:large, max-video-preview:-1\" \/>\n<link rel=\"canonical\" href=\"https:\/\/inandoutarchitects.com\/en\/reforma-integral-poble-sec-cocina-abierta\/\" \/>\n<meta property=\"og:locale\" content=\"en_US\" \/>\n<meta property=\"og:type\" content=\"article\" \/>\n<meta property=\"og:title\" content=\"Reforma integral en Poble Sec: cocina abierta y patrimonio\" \/>\n<meta property=\"og:description\" content=\"Reforma integral en Poble Sec: cocina abierta al sal\u00f3n y conservaci\u00f3n de balconeras, molduras y suelos hidr\u00e1ulicos. Verdes equilibrados y parquet oscuro.\" \/>\n<meta property=\"og:url\" content=\"https:\/\/inandoutarchitects.com\/en\/reforma-integral-poble-sec-cocina-abierta\/\" \/>\n<meta property=\"og:site_name\" content=\"In&amp;Out Architects\" \/>\n<meta property=\"article:modified_time\" content=\"2025-12-23T20:06:21+00:00\" \/>\n<meta property=\"og:image\" content=\"https:\/\/inandoutarchitects.com\/wp-content\/uploads\/2025\/11\/PB9-scaled.jpg\" \/>\n\t<meta property=\"og:image:width\" content=\"1183\" \/>\n\t<meta property=\"og:image:height\" content=\"2560\" \/>\n\t<meta property=\"og:image:type\" content=\"image\/jpeg\" \/>\n<meta name=\"twitter:card\" content=\"summary_large_image\" \/>\n<meta name=\"twitter:label1\" content=\"Est. reading time\" \/>\n\t<meta name=\"twitter:data1\" content=\"2 minutes\" \/>\n<script type=\"application\/ld+json\" class=\"yoast-schema-graph\">{\"@context\":\"https:\\\/\\\/schema.org\",\"@graph\":[{\"@type\":\"WebPage\",\"@id\":\"https:\\\/\\\/inandoutarchitects.com\\\/reforma-integral-poble-sec-cocina-abierta\\\/\",\"url\":\"https:\\\/\\\/inandoutarchitects.com\\\/reforma-integral-poble-sec-cocina-abierta\\\/\",\"name\":\"Reforma integral en Poble Sec: cocina abierta y patrimonio\",\"isPartOf\":{\"@id\":\"https:\\\/\\\/inandoutarchitects.com\\\/#website\"},\"primaryImageOfPage\":{\"@id\":\"https:\\\/\\\/inandoutarchitects.com\\\/reforma-integral-poble-sec-cocina-abierta\\\/#primaryimage\"},\"image\":{\"@id\":\"https:\\\/\\\/inandoutarchitects.com\\\/reforma-integral-poble-sec-cocina-abierta\\\/#primaryimage\"},\"thumbnailUrl\":\"https:\\\/\\\/inandoutarchitects.com\\\/wp-content\\\/uploads\\\/2025\\\/11\\\/PB9-scaled.jpg\",\"datePublished\":\"2025-12-07T20:09:33+00:00\",\"dateModified\":\"2025-12-23T20:06:21+00:00\",\"description\":\"Reforma integral en Poble Sec: cocina abierta al sal\u00f3n y conservaci\u00f3n de balconeras, molduras y suelos hidr\u00e1ulicos. Verdes equilibrados y parquet oscuro.\",\"breadcrumb\":{\"@id\":\"https:\\\/\\\/inandoutarchitects.com\\\/reforma-integral-poble-sec-cocina-abierta\\\/#breadcrumb\"},\"inLanguage\":\"en-US\",\"potentialAction\":[{\"@type\":\"ReadAction\",\"target\":[\"https:\\\/\\\/inandoutarchitects.com\\\/reforma-integral-poble-sec-cocina-abierta\\\/\"]}]},{\"@type\":\"ImageObject\",\"inLanguage\":\"en-US\",\"@id\":\"https:\\\/\\\/inandoutarchitects.com\\\/reforma-integral-poble-sec-cocina-abierta\\\/#primaryimage\",\"url\":\"https:\\\/\\\/inandoutarchitects.com\\\/wp-content\\\/uploads\\\/2025\\\/11\\\/PB9-scaled.jpg\",\"contentUrl\":\"https:\\\/\\\/inandoutarchitects.com\\\/wp-content\\\/uploads\\\/2025\\\/11\\\/PB9-scaled.jpg\",\"width\":1183,\"height\":2560,\"caption\":\"Cocina abierta al sal\u00f3n con frentes verdes y l\u00edneas curvas que suavizan el espacio.\"},{\"@type\":\"BreadcrumbList\",\"@id\":\"https:\\\/\\\/inandoutarchitects.com\\\/reforma-integral-poble-sec-cocina-abierta\\\/#breadcrumb\",\"itemListElement\":[{\"@type\":\"ListItem\",\"position\":1,\"name\":\"Portada\",\"item\":\"https:\\\/\\\/inandoutarchitects.com\\\/\"},{\"@type\":\"ListItem\",\"position\":2,\"name\":\"Poble Sec\"}]},{\"@type\":\"WebSite\",\"@id\":\"https:\\\/\\\/inandoutarchitects.com\\\/#website\",\"url\":\"https:\\\/\\\/inandoutarchitects.com\\\/\",\"name\":\"In&amp;Out Architects\",\"description\":\"\",\"publisher\":{\"@id\":\"https:\\\/\\\/inandoutarchitects.com\\\/#organization\"},\"potentialAction\":[{\"@type\":\"SearchAction\",\"target\":{\"@type\":\"EntryPoint\",\"urlTemplate\":\"https:\\\/\\\/inandoutarchitects.com\\\/?s={search_term_string}\"},\"query-input\":{\"@type\":\"PropertyValueSpecification\",\"valueRequired\":true,\"valueName\":\"search_term_string\"}}],\"inLanguage\":\"en-US\"},{\"@type\":\"Organization\",\"@id\":\"https:\\\/\\\/inandoutarchitects.com\\\/#organization\",\"name\":\"In&amp;Out Architects\",\"url\":\"https:\\\/\\\/inandoutarchitects.com\\\/\",\"logo\":{\"@type\":\"ImageObject\",\"inLanguage\":\"en-US\",\"@id\":\"https:\\\/\\\/inandoutarchitects.com\\\/#\\\/schema\\\/logo\\\/image\\\/\",\"url\":\"https:\\\/\\\/inandoutarchitects.com\\\/wp-content\\\/uploads\\\/2023\\\/08\\\/cropped-Enmascarar-grupo-8.png\",\"contentUrl\":\"https:\\\/\\\/inandoutarchitects.com\\\/wp-content\\\/uploads\\\/2023\\\/08\\\/cropped-Enmascarar-grupo-8.png\",\"width\":83,\"height\":83,\"caption\":\"In&amp;Out Architects\"},\"image\":{\"@id\":\"https:\\\/\\\/inandoutarchitects.com\\\/#\\\/schema\\\/logo\\\/image\\\/\"}}]}<\/script>\n<!-- \/ Yoast SEO plugin. -->","yoast_head_json":{"title":"Reforma integral en Poble Sec: cocina abierta y patrimonio","description":"Reforma integral en Poble Sec: cocina abierta al sal\u00f3n y conservaci\u00f3n de balconeras, molduras y suelos hidr\u00e1ulicos. Verdes equilibrados y parquet oscuro.","robots":{"index":"index","follow":"follow","max-snippet":"max-snippet:-1","max-image-preview":"max-image-preview:large","max-video-preview":"max-video-preview:-1"},"canonical":"https:\/\/inandoutarchitects.com\/en\/reforma-integral-poble-sec-cocina-abierta\/","og_locale":"en_US","og_type":"article","og_title":"Reforma integral en Poble Sec: cocina abierta y patrimonio","og_description":"Reforma integral en Poble Sec: cocina abierta al sal\u00f3n y conservaci\u00f3n de balconeras, molduras y suelos hidr\u00e1ulicos. Verdes equilibrados y parquet oscuro.","og_url":"https:\/\/inandoutarchitects.com\/en\/reforma-integral-poble-sec-cocina-abierta\/","og_site_name":"In&amp;Out Architects","article_modified_time":"2025-12-23T20:06:21+00:00","og_image":[{"width":1183,"height":2560,"url":"https:\/\/inandoutarchitects.com\/wp-content\/uploads\/2025\/11\/PB9-scaled.jpg","type":"image\/jpeg"}],"twitter_card":"summary_large_image","twitter_misc":{"Est. reading time":"2 minutes"},"schema":{"@context":"https:\/\/schema.org","@graph":[{"@type":"WebPage","@id":"https:\/\/inandoutarchitects.com\/reforma-integral-poble-sec-cocina-abierta\/","url":"https:\/\/inandoutarchitects.com\/reforma-integral-poble-sec-cocina-abierta\/","name":"Reforma integral en Poble Sec: cocina abierta y patrimonio","isPartOf":{"@id":"https:\/\/inandoutarchitects.com\/#website"},"primaryImageOfPage":{"@id":"https:\/\/inandoutarchitects.com\/reforma-integral-poble-sec-cocina-abierta\/#primaryimage"},"image":{"@id":"https:\/\/inandoutarchitects.com\/reforma-integral-poble-sec-cocina-abierta\/#primaryimage"},"thumbnailUrl":"https:\/\/inandoutarchitects.com\/wp-content\/uploads\/2025\/11\/PB9-scaled.jpg","datePublished":"2025-12-07T20:09:33+00:00","dateModified":"2025-12-23T20:06:21+00:00","description":"Reforma integral en Poble Sec: cocina abierta al sal\u00f3n y conservaci\u00f3n de balconeras, molduras y suelos hidr\u00e1ulicos. Verdes equilibrados y parquet oscuro.","breadcrumb":{"@id":"https:\/\/inandoutarchitects.com\/reforma-integral-poble-sec-cocina-abierta\/#breadcrumb"},"inLanguage":"en-US","potentialAction":[{"@type":"ReadAction","target":["https:\/\/inandoutarchitects.com\/reforma-integral-poble-sec-cocina-abierta\/"]}]},{"@type":"ImageObject","inLanguage":"en-US","@id":"https:\/\/inandoutarchitects.com\/reforma-integral-poble-sec-cocina-abierta\/#primaryimage","url":"https:\/\/inandoutarchitects.com\/wp-content\/uploads\/2025\/11\/PB9-scaled.jpg","contentUrl":"https:\/\/inandoutarchitects.com\/wp-content\/uploads\/2025\/11\/PB9-scaled.jpg","width":1183,"height":2560,"caption":"Cocina abierta al sal\u00f3n con frentes verdes y l\u00edneas curvas que suavizan el espacio."},{"@type":"BreadcrumbList","@id":"https:\/\/inandoutarchitects.com\/reforma-integral-poble-sec-cocina-abierta\/#breadcrumb","itemListElement":[{"@type":"ListItem","position":1,"name":"Portada","item":"https:\/\/inandoutarchitects.com\/"},{"@type":"ListItem","position":2,"name":"Poble Sec"}]},{"@type":"WebSite","@id":"https:\/\/inandoutarchitects.com\/#website","url":"https:\/\/inandoutarchitects.com\/","name":"In&amp;Out Architects","description":"","publisher":{"@id":"https:\/\/inandoutarchitects.com\/#organization"},"potentialAction":[{"@type":"SearchAction","target":{"@type":"EntryPoint","urlTemplate":"https:\/\/inandoutarchitects.com\/?s={search_term_string}"},"query-input":{"@type":"PropertyValueSpecification","valueRequired":true,"valueName":"search_term_string"}}],"inLanguage":"en-US"},{"@type":"Organization","@id":"https:\/\/inandoutarchitects.com\/#organization","name":"In&amp;Out Architects","url":"https:\/\/inandoutarchitects.com\/","logo":{"@type":"ImageObject","inLanguage":"en-US","@id":"https:\/\/inandoutarchitects.com\/#\/schema\/logo\/image\/","url":"https:\/\/inandoutarchitects.com\/wp-content\/uploads\/2023\/08\/cropped-Enmascarar-grupo-8.png","contentUrl":"https:\/\/inandoutarchitects.com\/wp-content\/uploads\/2023\/08\/cropped-Enmascarar-grupo-8.png","width":83,"height":83,"caption":"In&amp;Out Architects"},"image":{"@id":"https:\/\/inandoutarchitects.com\/#\/schema\/logo\/image\/"}}]}},"jetpack_sharing_enabled":true,"_links":{"self":[{"href":"https:\/\/inandoutarchitects.com\/en\/wp-json\/wp\/v2\/pages\/4359","targetHints":{"allow":["GET"]}}],"collection":[{"href":"https:\/\/inandoutarchitects.com\/en\/wp-json\/wp\/v2\/pages"}],"about":[{"href":"https:\/\/inandoutarchitects.com\/en\/wp-json\/wp\/v2\/types\/page"}],"author":[{"embeddable":true,"href":"https:\/\/inandoutarchitects.com\/en\/wp-json\/wp\/v2\/users\/3"}],"replies":[{"embeddable":true,"href":"https:\/\/inandoutarchitects.com\/en\/wp-json\/wp\/v2\/comments?post=4359"}],"version-history":[{"count":26,"href":"https:\/\/inandoutarchitects.com\/en\/wp-json\/wp\/v2\/pages\/4359\/revisions"}],"predecessor-version":[{"id":4547,"href":"https:\/\/inandoutarchitects.com\/en\/wp-json\/wp\/v2\/pages\/4359\/revisions\/4547"}],"wp:featuredmedia":[{"embeddable":true,"href":"https:\/\/inandoutarchitects.com\/en\/wp-json\/wp\/v2\/media\/4211"}],"wp:attachment":[{"href":"https:\/\/inandoutarchitects.com\/en\/wp-json\/wp\/v2\/media?parent=4359"}],"curies":[{"name":"wp","href":"https:\/\/api.w.org\/{rel}","templated":true}]}}